{"id":2164,"date":"2022-01-11T23:46:51","date_gmt":"2022-01-11T23:46:51","guid":{"rendered":"http:\/\/www.llosayasociados.com.mx\/blog\/homepage\/"},"modified":"2022-01-12T20:32:32","modified_gmt":"2022-01-12T20:32:32","slug":"homepage","status":"publish","type":"page","link":"https:\/\/www.llosayasociados.com.mx\/blog\/","title":{"rendered":"Homepage"},"content":{"rendered":"\n<p><\/p>\n\n\n\t<div class=\"cnvs-block-section cnvs-block-section-1569846268563 cnvs-block-section-layout-full cnvs-block-section-fullwidth\" >\n\t\t<div class=\"cnvs-block-section-outer\" style=\"\">\n\t\t\t<div class=\"cnvs-block-section-inner\">\n\t\t\t\t\n\n<div class=\"cnvs-block-section-content cnvs-block-section-content-1569846269854\" >\n\t<div class=\"cnvs-block-section-content-inner\">\n\t\t\n\n<div class=\"cs-block-archive-posts cnvs-block-featured-posts-1569846276038\" data-layout=\"grid\">\n\n\t<div class=\"post-archive\" data-archive-data=\"\">\n\t\t<div class=\"archive-main archive-grid columns-3\">\n<article class=\"post-grid post-274 post type-post status-publish format-standard has-post-thumbnail category-spanish\">\n\n\t<div class=\"post-outer\">\n\n\t\t\n\t\t\t\t\t<div class=\"post-inner\">\n\t\t\t\t<div class=\"post-thumbnail\">\n\t\t\t\t\t\n\t\t\t\t\t<img loading=\"lazy\" width=\"320\" height=\"427\" src=\"https:\/\/www.llosayasociados.com.mx\/blog\/wp-content\/uploads\/2022\/01\/registro-de-marca-320x427.jpeg\" class=\"attachment-csco-320-portrait size-csco-320-portrait wp-post-image\" alt=\"\" decoding=\"async\" srcset=\"https:\/\/www.llosayasociados.com.mx\/blog\/wp-content\/uploads\/2022\/01\/registro-de-marca-320x427.jpeg 320w, https:\/\/www.llosayasociados.com.mx\/blog\/wp-content\/uploads\/2022\/01\/registro-de-marca-120x160.jpeg 120w, https:\/\/www.llosayasociados.com.mx\/blog\/wp-content\/uploads\/2022\/01\/registro-de-marca-90x120.jpeg 90w\" sizes=\"(max-width: 320px) 100vw, 320px\" \/>\n\t\t\t\t\t\t\t\t\t\t\t<div class=\"post-more\">\n\t\t\t\t\t\t\t<a href=\"https:\/\/www.llosayasociados.com.mx\/blog\/2019\/11\/20\/el-plagio-en-mexico\/\" class=\"button-link\">\n\t\t\t\t\t\t\t\t<span>View Post<\/span>\n\t\t\t\t\t\t\t<\/a>\n\t\t\t\t\t\t<\/div>\n\t\t\t\t\t\t\n\t\t\t\t\t<ul class=\"post-meta\"><li class=\"meta-reading-time\"><i class=\"cs-icon cs-icon-clock\"><\/i>2 min<\/li><\/ul>\n\t\t\t\t\t<a href=\"https:\/\/www.llosayasociados.com.mx\/blog\/2019\/11\/20\/el-plagio-en-mexico\/\"><\/a>\n\t\t\t\t<\/div>\n\t\t\t<\/div>\n\t\t\n\t\t<div class=\"post-inner\">\n\n\t\t\t\n\t\t\t<header class=\"entry-header\">\n\t\t\t\t<div class=\"meta-category\"><ul class=\"post-categories\">\n\t<li><a href=\"https:\/\/www.llosayasociados.com.mx\/blog\/category\/spanish\/\" rel=\"category tag\">Espa\u00f1ol<\/a><\/li><\/ul><\/div>\n\t\t\t\t<h2 class=\"entry-title\"><a href=\"https:\/\/www.llosayasociados.com.mx\/blog\/2019\/11\/20\/el-plagio-en-mexico\/\">El plagio en M\u00e9xico<\/a><\/h2>\n\n\t\t\t\t\t\t\t<\/header>\n\n\t\t\t\n\t\t\t\t\t\t\t\t\t\t<div class=\"post-excerpt\">\n\t\t\t\t\t\t\t\t\u00bfQU\u00c9 ES EL DERECHO DE AUTOR? La Ley Federal de Derecho de Autor trata de proteger la reproducci\u00f3n del trabajo de alguien m\u00e1s. N\u00f3tese que incluso si se da cr\u00e9dito por dicho trabajo (y de ah\u00ed&hellip;\t\t\t\t\t\t\t<\/div>\n\t\t\t\t\t\t\t\t\t\t\t<div class=\"post-share\">\n\t\t\t\t\t<span class=\"title-share\">Share <i class=\"cs-icon cs-icon-arrow-right\"><\/i><\/span>\n\n\t\t\t\t\t\t\t<div class=\"pk-share-buttons-wrap pk-share-buttons-layout-simple pk-share-buttons-scheme-simple-light pk-share-buttons-block-posts pk-share-buttons-mode-cached\" data-post-id=\"274\" data-share-url=\"https:\/\/www.llosayasociados.com.mx\/blog\/2019\/11\/20\/el-plagio-en-mexico\/\" >\n\n\t\t\t\n\t\t\t<div class=\"pk-share-buttons-items\">\n\n\t\t\t\t\t\t\t\t\t\t<div class=\"pk-share-buttons-item pk-share-buttons-facebook pk-share-buttons-no-count\" data-id=\"facebook\">\n\n\t\t\t\t\t\t\t<a href=\"https:\/\/www.facebook.com\/sharer.php?u=https:\/\/www.llosayasociados.com.mx\/blog\/2019\/11\/20\/el-plagio-en-mexico\/\" class=\"pk-share-buttons-link\" target=\"_blank\">\n\n\t\t\t\t\t\t\t\t\t\t\t\t\t\t\t\t\t<i class=\"pk-share-buttons-icon pk-icon pk-icon-facebook\"><\/i>\n\t\t\t\t\t\t\t\t\n\t\t\t\t\t\t\t\t\n\t\t\t\t\t\t\t\t\n\t\t\t\t\t\t\t\t\t\t\t\t\t\t\t<\/a>\n\n\t\t\t\t\t\t\t\n\t\t\t\t\t\t\t\n\t\t\t\t\t\t\t\t\t\t\t\t\t<\/div>\n\t\t\t\t\t\t\t\t\t\t\t<div class=\"pk-share-buttons-item pk-share-buttons-twitter pk-share-buttons-no-count\" data-id=\"twitter\">\n\n\t\t\t\t\t\t\t<a href=\"https:\/\/twitter.com\/share?&#038;text=El%20plagio%20en%20M%C3%A9xico&#038;url=https:\/\/www.llosayasociados.com.mx\/blog\/2019\/11\/20\/el-plagio-en-mexico\/\" class=\"pk-share-buttons-link\" target=\"_blank\">\n\n\t\t\t\t\t\t\t\t\t\t\t\t\t\t\t\t\t<i class=\"pk-share-buttons-icon pk-icon pk-icon-twitter\"><\/i>\n\t\t\t\t\t\t\t\t\n\t\t\t\t\t\t\t\t\n\t\t\t\t\t\t\t\t\n\t\t\t\t\t\t\t\t\t\t\t\t\t\t\t<\/a>\n\n\t\t\t\t\t\t\t\n\t\t\t\t\t\t\t\n\t\t\t\t\t\t\t\t\t\t\t\t\t<\/div>\n\t\t\t\t\t\t\t\t\t\t\t<div class=\"pk-share-buttons-item pk-share-buttons-pinterest pk-share-buttons-no-count\" data-id=\"pinterest\">\n\n\t\t\t\t\t\t\t<a href=\"https:\/\/pinterest.com\/pin\/create\/bookmarklet\/?url=https:\/\/www.llosayasociados.com.mx\/blog\/2019\/11\/20\/el-plagio-en-mexico\/&#038;media=https:\/\/www.llosayasociados.com.mx\/blog\/wp-content\/uploads\/2022\/01\/registro-de-marca.jpeg\" class=\"pk-share-buttons-link\" target=\"_blank\">\n\n\t\t\t\t\t\t\t\t\t\t\t\t\t\t\t\t\t<i class=\"pk-share-buttons-icon pk-icon pk-icon-pinterest\"><\/i>\n\t\t\t\t\t\t\t\t\n\t\t\t\t\t\t\t\t\n\t\t\t\t\t\t\t\t\n\t\t\t\t\t\t\t\t\t\t\t\t\t\t\t<\/a>\n\n\t\t\t\t\t\t\t\n\t\t\t\t\t\t\t\n\t\t\t\t\t\t\t\t\t\t\t\t\t<\/div>\n\t\t\t\t\t\t\t\t<\/div>\n\t\t<\/div>\n\t\t\t\t\t<\/div>\n\t\t\t\n\t\t<\/div>\n\n\t\t\n\t<\/div>\n\n<\/article>\n\n<article class=\"post-grid post-285 post type-post status-publish format-standard has-post-thumbnail category-spanish\">\n\n\t<div class=\"post-outer\">\n\n\t\t\n\t\t\t\t\t<div class=\"post-inner\">\n\t\t\t\t<div class=\"post-thumbnail\">\n\t\t\t\t\t\n\t\t\t\t\t<img loading=\"lazy\" width=\"320\" height=\"427\" src=\"https:\/\/www.llosayasociados.com.mx\/blog\/wp-content\/uploads\/2019\/11\/Derecho-familia-320x427.jpeg\" class=\"attachment-csco-320-portrait size-csco-320-portrait wp-post-image\" alt=\"\" decoding=\"async\" srcset=\"https:\/\/www.llosayasociados.com.mx\/blog\/wp-content\/uploads\/2019\/11\/Derecho-familia-320x427.jpeg 320w, https:\/\/www.llosayasociados.com.mx\/blog\/wp-content\/uploads\/2019\/11\/Derecho-familia-120x160.jpeg 120w, https:\/\/www.llosayasociados.com.mx\/blog\/wp-content\/uploads\/2019\/11\/Derecho-familia-90x120.jpeg 90w, https:\/\/www.llosayasociados.com.mx\/blog\/wp-content\/uploads\/2019\/11\/Derecho-familia-560x747.jpeg 560w\" sizes=\"(max-width: 320px) 100vw, 320px\" \/>\n\t\t\t\t\t\t\t\t\t\t\t<div class=\"post-more\">\n\t\t\t\t\t\t\t<a href=\"https:\/\/www.llosayasociados.com.mx\/blog\/2019\/11\/17\/dos_sentencias_clave_en_2021\/\" class=\"button-link\">\n\t\t\t\t\t\t\t\t<span>View Post<\/span>\n\t\t\t\t\t\t\t<\/a>\n\t\t\t\t\t\t<\/div>\n\t\t\t\t\t\t\n\t\t\t\t\t<ul class=\"post-meta\"><li class=\"meta-reading-time\"><i class=\"cs-icon cs-icon-clock\"><\/i>1 min<\/li><\/ul>\n\t\t\t\t\t<a href=\"https:\/\/www.llosayasociados.com.mx\/blog\/2019\/11\/17\/dos_sentencias_clave_en_2021\/\"><\/a>\n\t\t\t\t<\/div>\n\t\t\t<\/div>\n\t\t\n\t\t<div class=\"post-inner\">\n\n\t\t\t\n\t\t\t<header class=\"entry-header\">\n\t\t\t\t<div class=\"meta-category\"><ul class=\"post-categories\">\n\t<li><a href=\"https:\/\/www.llosayasociados.com.mx\/blog\/category\/spanish\/\" rel=\"category tag\">Espa\u00f1ol<\/a><\/li><\/ul><\/div>\n\t\t\t\t<h2 class=\"entry-title\"><a href=\"https:\/\/www.llosayasociados.com.mx\/blog\/2019\/11\/17\/dos_sentencias_clave_en_2021\/\">Dos sentencias clave en 2021 para el Derecho de Familia<\/a><\/h2>\n\n\t\t\t\t\t\t\t<\/header>\n\n\t\t\t\n\t\t\t\t\t\t\t\t\t\t<div class=\"post-excerpt\">\n\t\t\t\t\t\t\t\tNuestro compa\u00f1ero y vocal Jos\u00e9 Luis Cembrano&nbsp;Reder, nos explica cu\u00e1les han sido en su opini\u00f3n las dos sentencias m\u00e1s importantes dictadas en Derecho de Familia a lo largo de 2021:&hellip;\t\t\t\t\t\t\t<\/div>\n\t\t\t\t\t\t\t\t\t\t\t<div class=\"post-share\">\n\t\t\t\t\t<span class=\"title-share\">Share <i class=\"cs-icon cs-icon-arrow-right\"><\/i><\/span>\n\n\t\t\t\t\t\t\t<div class=\"pk-share-buttons-wrap pk-share-buttons-layout-simple pk-share-buttons-scheme-simple-light pk-share-buttons-block-posts pk-share-buttons-mode-cached\" data-post-id=\"285\" data-share-url=\"https:\/\/www.llosayasociados.com.mx\/blog\/2019\/11\/17\/dos_sentencias_clave_en_2021\/\" >\n\n\t\t\t\n\t\t\t<div class=\"pk-share-buttons-items\">\n\n\t\t\t\t\t\t\t\t\t\t<div class=\"pk-share-buttons-item pk-share-buttons-facebook pk-share-buttons-no-count\" data-id=\"facebook\">\n\n\t\t\t\t\t\t\t<a href=\"https:\/\/www.facebook.com\/sharer.php?u=https:\/\/www.llosayasociados.com.mx\/blog\/2019\/11\/17\/dos_sentencias_clave_en_2021\/\" class=\"pk-share-buttons-link\" target=\"_blank\">\n\n\t\t\t\t\t\t\t\t\t\t\t\t\t\t\t\t\t<i class=\"pk-share-buttons-icon pk-icon pk-icon-facebook\"><\/i>\n\t\t\t\t\t\t\t\t\n\t\t\t\t\t\t\t\t\n\t\t\t\t\t\t\t\t\n\t\t\t\t\t\t\t\t\t\t\t\t\t\t\t<\/a>\n\n\t\t\t\t\t\t\t\n\t\t\t\t\t\t\t\n\t\t\t\t\t\t\t\t\t\t\t\t\t<\/div>\n\t\t\t\t\t\t\t\t\t\t\t<div class=\"pk-share-buttons-item pk-share-buttons-twitter pk-share-buttons-no-count\" data-id=\"twitter\">\n\n\t\t\t\t\t\t\t<a href=\"https:\/\/twitter.com\/share?&#038;text=Dos%20sentencias%20clave%20en%202021%20para%20el%20Derecho%20de%20Familia&#038;url=https:\/\/www.llosayasociados.com.mx\/blog\/2019\/11\/17\/dos_sentencias_clave_en_2021\/\" class=\"pk-share-buttons-link\" target=\"_blank\">\n\n\t\t\t\t\t\t\t\t\t\t\t\t\t\t\t\t\t<i class=\"pk-share-buttons-icon pk-icon pk-icon-twitter\"><\/i>\n\t\t\t\t\t\t\t\t\n\t\t\t\t\t\t\t\t\n\t\t\t\t\t\t\t\t\n\t\t\t\t\t\t\t\t\t\t\t\t\t\t\t<\/a>\n\n\t\t\t\t\t\t\t\n\t\t\t\t\t\t\t\n\t\t\t\t\t\t\t\t\t\t\t\t\t<\/div>\n\t\t\t\t\t\t\t\t\t\t\t<div class=\"pk-share-buttons-item pk-share-buttons-pinterest pk-share-buttons-no-count\" data-id=\"pinterest\">\n\n\t\t\t\t\t\t\t<a href=\"https:\/\/pinterest.com\/pin\/create\/bookmarklet\/?url=https:\/\/www.llosayasociados.com.mx\/blog\/2019\/11\/17\/dos_sentencias_clave_en_2021\/&#038;media=https:\/\/www.llosayasociados.com.mx\/blog\/wp-content\/uploads\/2019\/11\/Derecho-familia-1160x771.jpeg\" class=\"pk-share-buttons-link\" target=\"_blank\">\n\n\t\t\t\t\t\t\t\t\t\t\t\t\t\t\t\t\t<i class=\"pk-share-buttons-icon pk-icon pk-icon-pinterest\"><\/i>\n\t\t\t\t\t\t\t\t\n\t\t\t\t\t\t\t\t\n\t\t\t\t\t\t\t\t\n\t\t\t\t\t\t\t\t\t\t\t\t\t\t\t<\/a>\n\n\t\t\t\t\t\t\t\n\t\t\t\t\t\t\t\n\t\t\t\t\t\t\t\t\t\t\t\t\t<\/div>\n\t\t\t\t\t\t\t\t<\/div>\n\t\t<\/div>\n\t\t\t\t\t<\/div>\n\t\t\t\n\t\t<\/div>\n\n\t\t\n\t<\/div>\n\n<\/article>\n\n<article class=\"post-grid post-296 post type-post status-publish format-standard has-post-thumbnail category-spanish\">\n\n\t<div class=\"post-outer\">\n\n\t\t\n\t\t\t\t\t<div class=\"post-inner\">\n\t\t\t\t<div class=\"post-thumbnail\">\n\t\t\t\t\t\n\t\t\t\t\t<img loading=\"lazy\" width=\"320\" height=\"427\" src=\"https:\/\/www.llosayasociados.com.mx\/blog\/wp-content\/uploads\/2019\/11\/derecho_autor_internet-320x427.jpeg\" class=\"attachment-csco-320-portrait size-csco-320-portrait wp-post-image\" alt=\"\" decoding=\"async\" srcset=\"https:\/\/www.llosayasociados.com.mx\/blog\/wp-content\/uploads\/2019\/11\/derecho_autor_internet-320x427.jpeg 320w, https:\/\/www.llosayasociados.com.mx\/blog\/wp-content\/uploads\/2019\/11\/derecho_autor_internet-120x160.jpeg 120w, https:\/\/www.llosayasociados.com.mx\/blog\/wp-content\/uploads\/2019\/11\/derecho_autor_internet-90x120.jpeg 90w, https:\/\/www.llosayasociados.com.mx\/blog\/wp-content\/uploads\/2019\/11\/derecho_autor_internet-560x747.jpeg 560w\" sizes=\"(max-width: 320px) 100vw, 320px\" \/>\n\t\t\t\t\t\t\t\t\t\t\t<div class=\"post-more\">\n\t\t\t\t\t\t\t<a href=\"https:\/\/www.llosayasociados.com.mx\/blog\/2019\/11\/18\/a-pretium-enim-dolor-donec-eu-venenatis-curabitur\/\" class=\"button-link\">\n\t\t\t\t\t\t\t\t<span>View Post<\/span>\n\t\t\t\t\t\t\t<\/a>\n\t\t\t\t\t\t<\/div>\n\t\t\t\t\t\t\n\t\t\t\t\t<ul class=\"post-meta\"><li class=\"meta-reading-time\"><i class=\"cs-icon cs-icon-clock\"><\/i>2 min<\/li><\/ul>\n\t\t\t\t\t<a href=\"https:\/\/www.llosayasociados.com.mx\/blog\/2019\/11\/18\/a-pretium-enim-dolor-donec-eu-venenatis-curabitur\/\"><\/a>\n\t\t\t\t<\/div>\n\t\t\t<\/div>\n\t\t\n\t\t<div class=\"post-inner\">\n\n\t\t\t\n\t\t\t<header class=\"entry-header\">\n\t\t\t\t<div class=\"meta-category\"><ul class=\"post-categories\">\n\t<li><a href=\"https:\/\/www.llosayasociados.com.mx\/blog\/category\/spanish\/\" rel=\"category tag\">Espa\u00f1ol<\/a><\/li><\/ul><\/div>\n\t\t\t\t<h2 class=\"entry-title\"><a href=\"https:\/\/www.llosayasociados.com.mx\/blog\/2019\/11\/18\/a-pretium-enim-dolor-donec-eu-venenatis-curabitur\/\">Ley de Derechos de Autor en internet<\/a><\/h2>\n\n\t\t\t\t\t\t\t<\/header>\n\n\t\t\t\n\t\t\t\t\t\t\t\t\t\t<div class=\"post-excerpt\">\n\t\t\t\t\t\t\t\tEl Recurso web Para que el recurso web que hemos creado sea susceptible de protecci\u00f3n intelectual, este recurso debe ser original, que no debemos confundir con novedoso. Por originalidad se&hellip;\t\t\t\t\t\t\t<\/div>\n\t\t\t\t\t\t\t\t\t\t\t<div class=\"post-share\">\n\t\t\t\t\t<span class=\"title-share\">Share <i class=\"cs-icon cs-icon-arrow-right\"><\/i><\/span>\n\n\t\t\t\t\t\t\t<div class=\"pk-share-buttons-wrap pk-share-buttons-layout-simple pk-share-buttons-scheme-simple-light pk-share-buttons-block-posts pk-share-buttons-mode-cached\" data-post-id=\"296\" data-share-url=\"https:\/\/www.llosayasociados.com.mx\/blog\/2019\/11\/18\/a-pretium-enim-dolor-donec-eu-venenatis-curabitur\/\" >\n\n\t\t\t\n\t\t\t<div class=\"pk-share-buttons-items\">\n\n\t\t\t\t\t\t\t\t\t\t<div class=\"pk-share-buttons-item pk-share-buttons-facebook pk-share-buttons-no-count\" data-id=\"facebook\">\n\n\t\t\t\t\t\t\t<a href=\"https:\/\/www.facebook.com\/sharer.php?u=https:\/\/www.llosayasociados.com.mx\/blog\/2019\/11\/18\/a-pretium-enim-dolor-donec-eu-venenatis-curabitur\/\" class=\"pk-share-buttons-link\" target=\"_blank\">\n\n\t\t\t\t\t\t\t\t\t\t\t\t\t\t\t\t\t<i class=\"pk-share-buttons-icon pk-icon pk-icon-facebook\"><\/i>\n\t\t\t\t\t\t\t\t\n\t\t\t\t\t\t\t\t\n\t\t\t\t\t\t\t\t\n\t\t\t\t\t\t\t\t\t\t\t\t\t\t\t<\/a>\n\n\t\t\t\t\t\t\t\n\t\t\t\t\t\t\t\n\t\t\t\t\t\t\t\t\t\t\t\t\t<\/div>\n\t\t\t\t\t\t\t\t\t\t\t<div class=\"pk-share-buttons-item pk-share-buttons-twitter pk-share-buttons-no-count\" data-id=\"twitter\">\n\n\t\t\t\t\t\t\t<a href=\"https:\/\/twitter.com\/share?&#038;text=Ley%20de%20Derechos%20de%20Autor%20en%20internet&#038;url=https:\/\/www.llosayasociados.com.mx\/blog\/2019\/11\/18\/a-pretium-enim-dolor-donec-eu-venenatis-curabitur\/\" class=\"pk-share-buttons-link\" target=\"_blank\">\n\n\t\t\t\t\t\t\t\t\t\t\t\t\t\t\t\t\t<i class=\"pk-share-buttons-icon pk-icon pk-icon-twitter\"><\/i>\n\t\t\t\t\t\t\t\t\n\t\t\t\t\t\t\t\t\n\t\t\t\t\t\t\t\t\n\t\t\t\t\t\t\t\t\t\t\t\t\t\t\t<\/a>\n\n\t\t\t\t\t\t\t\n\t\t\t\t\t\t\t\n\t\t\t\t\t\t\t\t\t\t\t\t\t<\/div>\n\t\t\t\t\t\t\t\t\t\t\t<div class=\"pk-share-buttons-item pk-share-buttons-pinterest pk-share-buttons-no-count\" data-id=\"pinterest\">\n\n\t\t\t\t\t\t\t<a href=\"https:\/\/pinterest.com\/pin\/create\/bookmarklet\/?url=https:\/\/www.llosayasociados.com.mx\/blog\/2019\/11\/18\/a-pretium-enim-dolor-donec-eu-venenatis-curabitur\/&#038;media=https:\/\/www.llosayasociados.com.mx\/blog\/wp-content\/uploads\/2019\/11\/derecho_autor_internet.jpeg\" class=\"pk-share-buttons-link\" target=\"_blank\">\n\n\t\t\t\t\t\t\t\t\t\t\t\t\t\t\t\t\t<i class=\"pk-share-buttons-icon pk-icon pk-icon-pinterest\"><\/i>\n\t\t\t\t\t\t\t\t\n\t\t\t\t\t\t\t\t\n\t\t\t\t\t\t\t\t\n\t\t\t\t\t\t\t\t\t\t\t\t\t\t\t<\/a>\n\n\t\t\t\t\t\t\t\n\t\t\t\t\t\t\t\n\t\t\t\t\t\t\t\t\t\t\t\t\t<\/div>\n\t\t\t\t\t\t\t\t<\/div>\n\t\t<\/div>\n\t\t\t\t\t<\/div>\n\t\t\t\n\t\t<\/div>\n\n\t\t\n\t<\/div>\n\n<\/article>\n\n<article class=\"post-grid post-2190 post type-post status-publish format-standard has-post-thumbnail category-spanish\">\n\n\t<div class=\"post-outer\">\n\n\t\t\n\t\t\t\t\t<div class=\"post-inner\">\n\t\t\t\t<div class=\"post-thumbnail\">\n\t\t\t\t\t\n\t\t\t\t\t<img loading=\"lazy\" width=\"320\" height=\"427\" src=\"https:\/\/www.llosayasociados.com.mx\/blog\/wp-content\/uploads\/2019\/11\/4-derechocorporativo-320x427.jpeg\" class=\"attachment-csco-320-portrait size-csco-320-portrait wp-post-image\" alt=\"\" decoding=\"async\" srcset=\"https:\/\/www.llosayasociados.com.mx\/blog\/wp-content\/uploads\/2019\/11\/4-derechocorporativo-320x427.jpeg 320w, https:\/\/www.llosayasociados.com.mx\/blog\/wp-content\/uploads\/2019\/11\/4-derechocorporativo-120x160.jpeg 120w, https:\/\/www.llosayasociados.com.mx\/blog\/wp-content\/uploads\/2019\/11\/4-derechocorporativo-90x120.jpeg 90w, https:\/\/www.llosayasociados.com.mx\/blog\/wp-content\/uploads\/2019\/11\/4-derechocorporativo-560x747.jpeg 560w\" sizes=\"(max-width: 320px) 100vw, 320px\" \/>\n\t\t\t\t\t\t\t\t\t\t\t<div class=\"post-more\">\n\t\t\t\t\t\t\t<a href=\"https:\/\/www.llosayasociados.com.mx\/blog\/2022\/01\/12\/derecho-corporativo\/\" class=\"button-link\">\n\t\t\t\t\t\t\t\t<span>View Post<\/span>\n\t\t\t\t\t\t\t<\/a>\n\t\t\t\t\t\t<\/div>\n\t\t\t\t\t\t\n\t\t\t\t\t<ul class=\"post-meta\"><li class=\"meta-reading-time\"><i class=\"cs-icon cs-icon-clock\"><\/i>2 min<\/li><\/ul>\n\t\t\t\t\t<a href=\"https:\/\/www.llosayasociados.com.mx\/blog\/2022\/01\/12\/derecho-corporativo\/\"><\/a>\n\t\t\t\t<\/div>\n\t\t\t<\/div>\n\t\t\n\t\t<div class=\"post-inner\">\n\n\t\t\t\n\t\t\t<header class=\"entry-header\">\n\t\t\t\t<div class=\"meta-category\"><ul class=\"post-categories\">\n\t<li><a href=\"https:\/\/www.llosayasociados.com.mx\/blog\/category\/spanish\/\" rel=\"category tag\">Espa\u00f1ol<\/a><\/li><\/ul><\/div>\n\t\t\t\t<h2 class=\"entry-title\"><a href=\"https:\/\/www.llosayasociados.com.mx\/blog\/2022\/01\/12\/derecho-corporativo\/\">Derecho Corporativo<\/a><\/h2>\n\n\t\t\t\t\t\t\t<\/header>\n\n\t\t\t\n\t\t\t\t\t\t\t\t\t\t<div class=\"post-excerpt\">\n\t\t\t\t\t\t\t\t\u00bfQU\u00c9 ES EL DERECHO DE AUTOR? La Ley Federal de Derecho de Autor trata de proteger la reproducci\u00f3n del trabajo de alguien m\u00e1s. N\u00f3tese que incluso si se da cr\u00e9dito por dicho trabajo (y de ah\u00ed&hellip;\t\t\t\t\t\t\t<\/div>\n\t\t\t\t\t\t\t\t\t\t\t<div class=\"post-share\">\n\t\t\t\t\t<span class=\"title-share\">Share <i class=\"cs-icon cs-icon-arrow-right\"><\/i><\/span>\n\n\t\t\t\t\t\t\t<div class=\"pk-share-buttons-wrap pk-share-buttons-layout-simple pk-share-buttons-scheme-simple-light pk-share-buttons-block-posts pk-share-buttons-mode-cached\" data-post-id=\"2190\" data-share-url=\"https:\/\/www.llosayasociados.com.mx\/blog\/2022\/01\/12\/derecho-corporativo\/\" >\n\n\t\t\t\n\t\t\t<div class=\"pk-share-buttons-items\">\n\n\t\t\t\t\t\t\t\t\t\t<div class=\"pk-share-buttons-item pk-share-buttons-facebook pk-share-buttons-no-count\" data-id=\"facebook\">\n\n\t\t\t\t\t\t\t<a href=\"https:\/\/www.facebook.com\/sharer.php?u=https:\/\/www.llosayasociados.com.mx\/blog\/2022\/01\/12\/derecho-corporativo\/\" class=\"pk-share-buttons-link\" target=\"_blank\">\n\n\t\t\t\t\t\t\t\t\t\t\t\t\t\t\t\t\t<i class=\"pk-share-buttons-icon pk-icon pk-icon-facebook\"><\/i>\n\t\t\t\t\t\t\t\t\n\t\t\t\t\t\t\t\t\n\t\t\t\t\t\t\t\t\n\t\t\t\t\t\t\t\t\t\t\t\t\t\t\t<\/a>\n\n\t\t\t\t\t\t\t\n\t\t\t\t\t\t\t\n\t\t\t\t\t\t\t\t\t\t\t\t\t<\/div>\n\t\t\t\t\t\t\t\t\t\t\t<div class=\"pk-share-buttons-item pk-share-buttons-twitter pk-share-buttons-no-count\" data-id=\"twitter\">\n\n\t\t\t\t\t\t\t<a href=\"https:\/\/twitter.com\/share?&#038;text=Derecho%20Corporativo&#038;url=https:\/\/www.llosayasociados.com.mx\/blog\/2022\/01\/12\/derecho-corporativo\/\" class=\"pk-share-buttons-link\" target=\"_blank\">\n\n\t\t\t\t\t\t\t\t\t\t\t\t\t\t\t\t\t<i class=\"pk-share-buttons-icon pk-icon pk-icon-twitter\"><\/i>\n\t\t\t\t\t\t\t\t\n\t\t\t\t\t\t\t\t\n\t\t\t\t\t\t\t\t\n\t\t\t\t\t\t\t\t\t\t\t\t\t\t\t<\/a>\n\n\t\t\t\t\t\t\t\n\t\t\t\t\t\t\t\n\t\t\t\t\t\t\t\t\t\t\t\t\t<\/div>\n\t\t\t\t\t\t\t\t\t\t\t<div class=\"pk-share-buttons-item pk-share-buttons-pinterest pk-share-buttons-no-count\" data-id=\"pinterest\">\n\n\t\t\t\t\t\t\t<a href=\"https:\/\/pinterest.com\/pin\/create\/bookmarklet\/?url=https:\/\/www.llosayasociados.com.mx\/blog\/2022\/01\/12\/derecho-corporativo\/&#038;media=https:\/\/www.llosayasociados.com.mx\/blog\/wp-content\/uploads\/2019\/11\/4-derechocorporativo.jpeg\" class=\"pk-share-buttons-link\" target=\"_blank\">\n\n\t\t\t\t\t\t\t\t\t\t\t\t\t\t\t\t\t<i class=\"pk-share-buttons-icon pk-icon pk-icon-pinterest\"><\/i>\n\t\t\t\t\t\t\t\t\n\t\t\t\t\t\t\t\t\n\t\t\t\t\t\t\t\t\n\t\t\t\t\t\t\t\t\t\t\t\t\t\t\t<\/a>\n\n\t\t\t\t\t\t\t\n\t\t\t\t\t\t\t\n\t\t\t\t\t\t\t\t\t\t\t\t\t<\/div>\n\t\t\t\t\t\t\t\t<\/div>\n\t\t<\/div>\n\t\t\t\t\t<\/div>\n\t\t\t\n\t\t<\/div>\n\n\t\t\n\t<\/div>\n\n<\/article>\n\n<article class=\"post-grid post-2195 post type-post status-publish format-standard has-post-thumbnail category-spanish\">\n\n\t<div class=\"post-outer\">\n\n\t\t\n\t\t\t\t\t<div class=\"post-inner\">\n\t\t\t\t<div class=\"post-thumbnail\">\n\t\t\t\t\t\n\t\t\t\t\t<img loading=\"lazy\" width=\"320\" height=\"427\" src=\"https:\/\/www.llosayasociados.com.mx\/blog\/wp-content\/uploads\/2019\/11\/5.registro_demarca-320x427.jpeg\" class=\"attachment-csco-320-portrait size-csco-320-portrait wp-post-image\" alt=\"\" decoding=\"async\" srcset=\"https:\/\/www.llosayasociados.com.mx\/blog\/wp-content\/uploads\/2019\/11\/5.registro_demarca-320x427.jpeg 320w, https:\/\/www.llosayasociados.com.mx\/blog\/wp-content\/uploads\/2019\/11\/5.registro_demarca-120x160.jpeg 120w, https:\/\/www.llosayasociados.com.mx\/blog\/wp-content\/uploads\/2019\/11\/5.registro_demarca-90x120.jpeg 90w, https:\/\/www.llosayasociados.com.mx\/blog\/wp-content\/uploads\/2019\/11\/5.registro_demarca-560x747.jpeg 560w\" sizes=\"(max-width: 320px) 100vw, 320px\" \/>\n\t\t\t\t\t\t\t\t\t\t\t<div class=\"post-more\">\n\t\t\t\t\t\t\t<a href=\"https:\/\/www.llosayasociados.com.mx\/blog\/2022\/01\/12\/registro-de-marca\/\" class=\"button-link\">\n\t\t\t\t\t\t\t\t<span>View Post<\/span>\n\t\t\t\t\t\t\t<\/a>\n\t\t\t\t\t\t<\/div>\n\t\t\t\t\t\t\n\t\t\t\t\t<ul class=\"post-meta\"><li class=\"meta-reading-time\"><i class=\"cs-icon cs-icon-clock\"><\/i>2 min<\/li><\/ul>\n\t\t\t\t\t<a href=\"https:\/\/www.llosayasociados.com.mx\/blog\/2022\/01\/12\/registro-de-marca\/\"><\/a>\n\t\t\t\t<\/div>\n\t\t\t<\/div>\n\t\t\n\t\t<div class=\"post-inner\">\n\n\t\t\t\n\t\t\t<header class=\"entry-header\">\n\t\t\t\t<div class=\"meta-category\"><ul class=\"post-categories\">\n\t<li><a href=\"https:\/\/www.llosayasociados.com.mx\/blog\/category\/spanish\/\" rel=\"category tag\">Espa\u00f1ol<\/a><\/li><\/ul><\/div>\n\t\t\t\t<h2 class=\"entry-title\"><a href=\"https:\/\/www.llosayasociados.com.mx\/blog\/2022\/01\/12\/registro-de-marca\/\">Registro de marca<\/a><\/h2>\n\n\t\t\t\t\t\t\t<\/header>\n\n\t\t\t\n\t\t\t\t\t\t\t\t\t\t<div class=\"post-excerpt\">\n\t\t\t\t\t\t\t\tEl Recurso web Para que el recurso web que hemos creado sea susceptible de protecci\u00f3n intelectual, este recurso debe ser original, que no debemos confundir con novedoso. Por originalidad se&hellip;\t\t\t\t\t\t\t<\/div>\n\t\t\t\t\t\t\t\t\t\t\t<div class=\"post-share\">\n\t\t\t\t\t<span class=\"title-share\">Share <i class=\"cs-icon cs-icon-arrow-right\"><\/i><\/span>\n\n\t\t\t\t\t\t\t<div class=\"pk-share-buttons-wrap pk-share-buttons-layout-simple pk-share-buttons-scheme-simple-light pk-share-buttons-block-posts pk-share-buttons-mode-cached\" data-post-id=\"2195\" data-share-url=\"https:\/\/www.llosayasociados.com.mx\/blog\/2022\/01\/12\/registro-de-marca\/\" >\n\n\t\t\t\n\t\t\t<div class=\"pk-share-buttons-items\">\n\n\t\t\t\t\t\t\t\t\t\t<div class=\"pk-share-buttons-item pk-share-buttons-facebook pk-share-buttons-no-count\" data-id=\"facebook\">\n\n\t\t\t\t\t\t\t<a href=\"https:\/\/www.facebook.com\/sharer.php?u=https:\/\/www.llosayasociados.com.mx\/blog\/2022\/01\/12\/registro-de-marca\/\" class=\"pk-share-buttons-link\" target=\"_blank\">\n\n\t\t\t\t\t\t\t\t\t\t\t\t\t\t\t\t\t<i class=\"pk-share-buttons-icon pk-icon pk-icon-facebook\"><\/i>\n\t\t\t\t\t\t\t\t\n\t\t\t\t\t\t\t\t\n\t\t\t\t\t\t\t\t\n\t\t\t\t\t\t\t\t\t\t\t\t\t\t\t<\/a>\n\n\t\t\t\t\t\t\t\n\t\t\t\t\t\t\t\n\t\t\t\t\t\t\t\t\t\t\t\t\t<\/div>\n\t\t\t\t\t\t\t\t\t\t\t<div class=\"pk-share-buttons-item pk-share-buttons-twitter pk-share-buttons-no-count\" data-id=\"twitter\">\n\n\t\t\t\t\t\t\t<a href=\"https:\/\/twitter.com\/share?&#038;text=Registro%20de%20marca&#038;url=https:\/\/www.llosayasociados.com.mx\/blog\/2022\/01\/12\/registro-de-marca\/\" class=\"pk-share-buttons-link\" target=\"_blank\">\n\n\t\t\t\t\t\t\t\t\t\t\t\t\t\t\t\t\t<i class=\"pk-share-buttons-icon pk-icon pk-icon-twitter\"><\/i>\n\t\t\t\t\t\t\t\t\n\t\t\t\t\t\t\t\t\n\t\t\t\t\t\t\t\t\n\t\t\t\t\t\t\t\t\t\t\t\t\t\t\t<\/a>\n\n\t\t\t\t\t\t\t\n\t\t\t\t\t\t\t\n\t\t\t\t\t\t\t\t\t\t\t\t\t<\/div>\n\t\t\t\t\t\t\t\t\t\t\t<div class=\"pk-share-buttons-item pk-share-buttons-pinterest pk-share-buttons-no-count\" data-id=\"pinterest\">\n\n\t\t\t\t\t\t\t<a href=\"https:\/\/pinterest.com\/pin\/create\/bookmarklet\/?url=https:\/\/www.llosayasociados.com.mx\/blog\/2022\/01\/12\/registro-de-marca\/&#038;media=https:\/\/www.llosayasociados.com.mx\/blog\/wp-content\/uploads\/2019\/11\/5.registro_demarca-1160x773.jpeg\" class=\"pk-share-buttons-link\" target=\"_blank\">\n\n\t\t\t\t\t\t\t\t\t\t\t\t\t\t\t\t\t<i class=\"pk-share-buttons-icon pk-icon pk-icon-pinterest\"><\/i>\n\t\t\t\t\t\t\t\t\n\t\t\t\t\t\t\t\t\n\t\t\t\t\t\t\t\t\n\t\t\t\t\t\t\t\t\t\t\t\t\t\t\t<\/a>\n\n\t\t\t\t\t\t\t\n\t\t\t\t\t\t\t\n\t\t\t\t\t\t\t\t\t\t\t\t\t<\/div>\n\t\t\t\t\t\t\t\t<\/div>\n\t\t<\/div>\n\t\t\t\t\t<\/div>\n\t\t\t\n\t\t<\/div>\n\n\t\t\n\t<\/div>\n\n<\/article>\n\n<article class=\"post-grid post-2197 post type-post status-publish format-standard has-post-thumbnail category-spanish\">\n\n\t<div class=\"post-outer\">\n\n\t\t\n\t\t\t\t\t<div class=\"post-inner\">\n\t\t\t\t<div class=\"post-thumbnail\">\n\t\t\t\t\t\n\t\t\t\t\t<img loading=\"lazy\" width=\"320\" height=\"427\" src=\"https:\/\/www.llosayasociados.com.mx\/blog\/wp-content\/uploads\/2019\/11\/6_negociosinternacionales-320x427.jpeg\" class=\"attachment-csco-320-portrait size-csco-320-portrait wp-post-image\" alt=\"\" decoding=\"async\" srcset=\"https:\/\/www.llosayasociados.com.mx\/blog\/wp-content\/uploads\/2019\/11\/6_negociosinternacionales-320x427.jpeg 320w, https:\/\/www.llosayasociados.com.mx\/blog\/wp-content\/uploads\/2019\/11\/6_negociosinternacionales-120x160.jpeg 120w, https:\/\/www.llosayasociados.com.mx\/blog\/wp-content\/uploads\/2019\/11\/6_negociosinternacionales-90x120.jpeg 90w, https:\/\/www.llosayasociados.com.mx\/blog\/wp-content\/uploads\/2019\/11\/6_negociosinternacionales-560x747.jpeg 560w\" sizes=\"(max-width: 320px) 100vw, 320px\" \/>\n\t\t\t\t\t\t\t\t\t\t\t<div class=\"post-more\">\n\t\t\t\t\t\t\t<a href=\"https:\/\/www.llosayasociados.com.mx\/blog\/2022\/01\/12\/negocios-internacionales\/\" class=\"button-link\">\n\t\t\t\t\t\t\t\t<span>View Post<\/span>\n\t\t\t\t\t\t\t<\/a>\n\t\t\t\t\t\t<\/div>\n\t\t\t\t\t\t\n\t\t\t\t\t<ul class=\"post-meta\"><li class=\"meta-reading-time\"><i class=\"cs-icon cs-icon-clock\"><\/i>1 min<\/li><\/ul>\n\t\t\t\t\t<a href=\"https:\/\/www.llosayasociados.com.mx\/blog\/2022\/01\/12\/negocios-internacionales\/\"><\/a>\n\t\t\t\t<\/div>\n\t\t\t<\/div>\n\t\t\n\t\t<div class=\"post-inner\">\n\n\t\t\t\n\t\t\t<header class=\"entry-header\">\n\t\t\t\t<div class=\"meta-category\"><ul class=\"post-categories\">\n\t<li><a href=\"https:\/\/www.llosayasociados.com.mx\/blog\/category\/spanish\/\" rel=\"category tag\">Espa\u00f1ol<\/a><\/li><\/ul><\/div>\n\t\t\t\t<h2 class=\"entry-title\"><a href=\"https:\/\/www.llosayasociados.com.mx\/blog\/2022\/01\/12\/negocios-internacionales\/\">Negocios internacionales<\/a><\/h2>\n\n\t\t\t\t\t\t\t<\/header>\n\n\t\t\t\n\t\t\t\t\t\t\t\t\t\t<div class=\"post-excerpt\">\n\t\t\t\t\t\t\t\tNuestro compa\u00f1ero y vocal Jos\u00e9 Luis Cembrano&nbsp;Reder, nos explica cu\u00e1les han sido en su opini\u00f3n las dos sentencias m\u00e1s importantes dictadas en Derecho de Familia a lo largo de 2021:&hellip;\t\t\t\t\t\t\t<\/div>\n\t\t\t\t\t\t\t\t\t\t\t<div class=\"post-share\">\n\t\t\t\t\t<span class=\"title-share\">Share <i class=\"cs-icon cs-icon-arrow-right\"><\/i><\/span>\n\n\t\t\t\t\t\t\t<div class=\"pk-share-buttons-wrap pk-share-buttons-layout-simple pk-share-buttons-scheme-simple-light pk-share-buttons-block-posts pk-share-buttons-mode-cached\" data-post-id=\"2197\" data-share-url=\"https:\/\/www.llosayasociados.com.mx\/blog\/2022\/01\/12\/negocios-internacionales\/\" >\n\n\t\t\t\n\t\t\t<div class=\"pk-share-buttons-items\">\n\n\t\t\t\t\t\t\t\t\t\t<div class=\"pk-share-buttons-item pk-share-buttons-facebook pk-share-buttons-no-count\" data-id=\"facebook\">\n\n\t\t\t\t\t\t\t<a href=\"https:\/\/www.facebook.com\/sharer.php?u=https:\/\/www.llosayasociados.com.mx\/blog\/2022\/01\/12\/negocios-internacionales\/\" class=\"pk-share-buttons-link\" target=\"_blank\">\n\n\t\t\t\t\t\t\t\t\t\t\t\t\t\t\t\t\t<i class=\"pk-share-buttons-icon pk-icon pk-icon-facebook\"><\/i>\n\t\t\t\t\t\t\t\t\n\t\t\t\t\t\t\t\t\n\t\t\t\t\t\t\t\t\n\t\t\t\t\t\t\t\t\t\t\t\t\t\t\t<\/a>\n\n\t\t\t\t\t\t\t\n\t\t\t\t\t\t\t\n\t\t\t\t\t\t\t\t\t\t\t\t\t<\/div>\n\t\t\t\t\t\t\t\t\t\t\t<div class=\"pk-share-buttons-item pk-share-buttons-twitter pk-share-buttons-no-count\" data-id=\"twitter\">\n\n\t\t\t\t\t\t\t<a href=\"https:\/\/twitter.com\/share?&#038;text=Negocios%20internacionales&#038;url=https:\/\/www.llosayasociados.com.mx\/blog\/2022\/01\/12\/negocios-internacionales\/\" class=\"pk-share-buttons-link\" target=\"_blank\">\n\n\t\t\t\t\t\t\t\t\t\t\t\t\t\t\t\t\t<i class=\"pk-share-buttons-icon pk-icon pk-icon-twitter\"><\/i>\n\t\t\t\t\t\t\t\t\n\t\t\t\t\t\t\t\t\n\t\t\t\t\t\t\t\t\n\t\t\t\t\t\t\t\t\t\t\t\t\t\t\t<\/a>\n\n\t\t\t\t\t\t\t\n\t\t\t\t\t\t\t\n\t\t\t\t\t\t\t\t\t\t\t\t\t<\/div>\n\t\t\t\t\t\t\t\t\t\t\t<div class=\"pk-share-buttons-item pk-share-buttons-pinterest pk-share-buttons-no-count\" data-id=\"pinterest\">\n\n\t\t\t\t\t\t\t<a href=\"https:\/\/pinterest.com\/pin\/create\/bookmarklet\/?url=https:\/\/www.llosayasociados.com.mx\/blog\/2022\/01\/12\/negocios-internacionales\/&#038;media=https:\/\/www.llosayasociados.com.mx\/blog\/wp-content\/uploads\/2019\/11\/6_negociosinternacionales-1160x779.jpeg\" class=\"pk-share-buttons-link\" target=\"_blank\">\n\n\t\t\t\t\t\t\t\t\t\t\t\t\t\t\t\t\t<i class=\"pk-share-buttons-icon pk-icon pk-icon-pinterest\"><\/i>\n\t\t\t\t\t\t\t\t\n\t\t\t\t\t\t\t\t\n\t\t\t\t\t\t\t\t\n\t\t\t\t\t\t\t\t\t\t\t\t\t\t\t<\/a>\n\n\t\t\t\t\t\t\t\n\t\t\t\t\t\t\t\n\t\t\t\t\t\t\t\t\t\t\t\t\t<\/div>\n\t\t\t\t\t\t\t\t<\/div>\n\t\t<\/div>\n\t\t\t\t\t<\/div>\n\t\t\t\n\t\t<\/div>\n\n\t\t\n\t<\/div>\n\n<\/article>\n<\/div>\t<\/div>\n\n<\/div>\n\t\n\t<\/div>\n<\/div>\n\n\t\t\t<\/div>\n\t\t<\/div>\n\t<\/div>\n\n\t","protected":false},"excerpt":{"rendered":"","protected":false},"author":1,"featured_media":0,"parent":0,"menu_order":0,"comment_status":"closed","ping_status":"closed","template":"template-canvas-fullwidth.php","meta":{"footnotes":""},"_links":{"self":[{"href":"https:\/\/www.llosayasociados.com.mx\/blog\/wp-json\/wp\/v2\/pages\/2164"}],"collection":[{"href":"https:\/\/www.llosayasociados.com.mx\/blog\/wp-json\/wp\/v2\/pages"}],"about":[{"href":"https:\/\/www.llosayasociados.com.mx\/blog\/wp-json\/wp\/v2\/types\/page"}],"author":[{"embeddable":true,"href":"https:\/\/www.llosayasociados.com.mx\/blog\/wp-json\/wp\/v2\/users\/1"}],"replies":[{"embeddable":true,"href":"https:\/\/www.llosayasociados.com.mx\/blog\/wp-json\/wp\/v2\/comments?post=2164"}],"version-history":[{"count":3,"href":"https:\/\/www.llosayasociados.com.mx\/blog\/wp-json\/wp\/v2\/pages\/2164\/revisions"}],"predecessor-version":[{"id":2194,"href":"https:\/\/www.llosayasociados.com.mx\/blog\/wp-json\/wp\/v2\/pages\/2164\/revisions\/2194"}],"wp:attachment":[{"href":"https:\/\/www.llosayasociados.com.mx\/blog\/wp-json\/wp\/v2\/media?parent=2164"}],"curies":[{"name":"wp","href":"https:\/\/api.w.org\/{rel}","templated":true}]}}